{"id":163,"date":"2015-07-23T01:58:12","date_gmt":"2015-07-23T01:58:12","guid":{"rendered":"http:\/\/cdsid.org.br\/mc-summer-school2016\/?page_id=163"},"modified":"2016-06-09T02:46:22","modified_gmt":"2016-06-09T02:46:22","slug":"tourism","status":"publish","type":"page","link":"http:\/\/cdsid.org.br\/mc-summer-school2016\/tourism\/","title":{"rendered":"Tourism"},"content":{"rendered":"<p class=\"txt\"><strong>Pre and Post Summer School\u00a0tours<\/strong><\/p>\n<p class=\"txt\">We have collected some examples of the wide range of tours and opportunities in the neighbor of Recife. Take a look!<\/p>\n<p class=\"txt\"><strong>OPTIONAL TOUR &#8211; \u00a0CITY TOUR RECIFE\/OLINDA<\/strong><\/p>\n<p>On this tour, you will have, at one time, the best of Recife and Olinda. First of all, there will be a panoramic tour in Recife, including the three islands (Recife, Santo Amaro and Boa Vista), Mauricio de Nassau bridge and the Republic Square (where is located the Government Palace, Santa Isabel Theater and Justice Palace) and House of Culture, a building from the 19 century, used as a prison. Nowadays, presents itself as a representative center of the regional culture with craft shops and typical foods. In Olinda you will visit Alto da S\u00e9, with the churches of S\u00e9 and Miseric\u00f3rdia. Olinda is considered a Cultural Heritage by UNESCO. In continuation, there is a visit at Cacha\u00e7aria Carvalheira, where you will be aware about the process of making and aging of the distillate, sugar and its derivatives. Final stop at Shopping Recife, the largest mall in the city.<\/p>\n<p>Note: Does not include meal, admission to museums, churches, etc.<\/p>\n<p>Frequency: Daily<\/p>\n<p>Duration: Approximately 08h00<\/p>\n<p>Price (regular base \u2013 with catamar\u00e3 tour included): R$<strong> 60,00<\/strong><\/p>\n<p><strong>OPTIONAL TOUR &#8211; PORTO DE GALINHAS<\/strong><\/p>\n<p>With crystal clear Waters of a sparkling blue, where you see small colorful fish and many other species, and huge palm trees, in Porto de Galinhas you can enjoy the most desired peacefulness of the genuine fishing village. In the nineteenth century it was a port for the clandestine slave trade and today is considered one of the most beautiful beaches in Brazil. Optional raft trips through the natural pools (subject to low tide) and buggy to the beaches of Pontal de Maraca\u00edpe and Muro Alto.<\/p>\n<p>Note: Does not include meal.<\/p>\n<p>Frequency: Daily (except for carnival week and holidays)<\/p>\n<p>Duration: Approximately 08h<\/p>\n<p>Price (regular base): R$<strong> 85,00<\/strong><\/p>\n<p class=\"txt\"><strong>OPTIONAL TOUR &#8211;<\/strong>\u00a0<strong>BEACHES NORTH COAST<\/strong><\/p>\n<p>Tourist attraction for those who appreciate nature. One of the most popular destinations in the north of Pernambuco coast, this island is known for its natural beauty and pleasant climate where you can enjoy a nice swim. Then stop in Itamarac\u00e1, with 84 kilometers of nature, history and beauty where the Fort Orange, built by the Dutch in the seventeenth century.<\/p>\n<p>Note: Does not include meal;<\/p>\n<p>Frequency: Thursday;<\/p>\n<p>Duration: Approximately 8 hours<\/p>\n<p>Price (regular base \u2013 with catamar\u00e3 tour included): R$ <strong>98,00<\/strong><\/p>\n<hr \/>\n<p class=\"txt\"><strong>OPTIONAL TOUR &#8211; The beaches of Cabo de Santo Agostinho<\/strong><\/p>\n<p class=\"txt\"><a href=\"http:\/\/cdsid.org.br\/mc-summer-school2016\/wp-content\/uploads\/2015\/07\/The_Beaches_of_Cabo_de_Santo_Agostinho_Tour.jpg\"><img loading=\"lazy\" decoding=\"async\" class=\" wp-image-176 alignleft\" src=\"http:\/\/cdsid.org.br\/mc-summer-school2016\/wp-content\/uploads\/2015\/07\/The_Beaches_of_Cabo_de_Santo_Agostinho_Tour.jpg\" alt=\"The_Beaches_of_Cabo_de_Santo_Agostinho_Tour\" width=\"300\" height=\"225\" \/><\/a><\/p>\n<p>Located on the southern coast, became known for its natural beauty, warm and crystal clear waters. In the past, were refuge of adventurers seeking peace in the small fishing village. Buggy ride through the beaches of the region (Cabo de Santo Agostinho and Calhetas) and catamaran ride through the beaches and also the mangroves.<\/p>\n<p>Note: Does not include meal;<\/p>\n<p>Frequency: Monday and Friday;<\/p>\n<p>Duration: Approximately 8 hours<\/p>\n<p>Price (regular base \u2013 with catamar\u00e3 tour included): <strong>170,00<\/strong><\/p>\n<p>&nbsp;<\/p>\n<p><strong>OPTIONAL TOUR &#8211; CARNEIROS BEACH<\/strong><\/p>\n<p>Carneiros Beach has a calm sea with ideal characteristics for a good swing, clear water. It is approximately 90 km in the south of Recife. Prepare to meet a ragged coastline of palm trees and white sand. You will be delighted with the rudimentary and wild nature, an exotic and, unexplored and semi-desert beach.<\/p>\n<p><img loading=\"lazy\" decoding=\"async\" class=\"imgChamada alignleft\" src=\"http:\/\/www.cdsid.org.br\/gdn2012\/arqTourism\/cARNEIROS.jpg\" alt=\"\" width=\"300\" height=\"195\" border=\"0\" \/>Note: Does not include meal;<\/p>\n<p>Frequency: Monday, Wednesday and Saturday;<\/p>\n<p>Duration: Approximately 8 hours<\/p>\n<p class=\"txt\">Price (regular base \u2013 with catamar\u00e3 tour included): R$ <strong>85,00<\/strong><\/p>\n<p><strong>IMPORTANT INFORMATION<\/strong><\/p>\n<p>\uf0b7 Prices per person;<\/p>\n<p>\uf0b7 Guide in Portuguese, please consult the price for a guide in other language;<\/p>\n<p>\uf0b7 Tours in regular base (made with other passenger);<\/p>\n<p>\uf0b7 Departures from Hotels in\u00a0Recife;<\/p>\n<p>\uf0b7 For a private tour, please consult us.<\/p>\n<p>&nbsp;<\/p>\n<p><strong>PRE-EVENT<\/strong><\/p>\n<p><strong>Fernando de Noronha (July 15 to 18)<\/strong><\/p>\n<p><a href=\"http:\/\/cdsid.org.br\/mc-summer-school2016\/wp-content\/uploads\/2015\/07\/Captura-de-Tela-2016-03-11-a\u0300s-15.34.25.png\"><img loading=\"lazy\" decoding=\"async\" class=\"alignnone size-full wp-image-455\" src=\"http:\/\/cdsid.org.br\/mc-summer-school2016\/wp-content\/uploads\/2015\/07\/Captura-de-Tela-2016-03-11-a\u0300s-15.34.25.png\" alt=\"Captura de Tela 2016-03-11 a\u0300s 15.34.25\" width=\"1284\" height=\"170\" srcset=\"http:\/\/cdsid.org.br\/mc-summer-school2016\/wp-content\/uploads\/2015\/07\/Captura-de-Tela-2016-03-11-a\u0300s-15.34.25.png 1284w, http:\/\/cdsid.org.br\/mc-summer-school2016\/wp-content\/uploads\/2015\/07\/Captura-de-Tela-2016-03-11-a\u0300s-15.34.25-300x40.png 300w, http:\/\/cdsid.org.br\/mc-summer-school2016\/wp-content\/uploads\/2015\/07\/Captura-de-Tela-2016-03-11-a\u0300s-15.34.25-1024x136.png 1024w\" sizes=\"auto, (max-width: 1284px) 100vw, 1284px\" \/><\/a><\/p>\n<p>The hotels are\u00a0old homes of residents who were reformed and adapted over the years to receive guests who wish to know Fernando de Noronha Archipelago.<\/p>\n<p><a href=\"http:\/\/cdsid.org.br\/mc-summer-school2016\/wp-content\/uploads\/2015\/07\/Captura-de-Tela-2016-03-11-a\u0300s-15.34.36.png\"><img loading=\"lazy\" decoding=\"async\" class=\"alignnone size-full wp-image-456\" src=\"http:\/\/cdsid.org.br\/mc-summer-school2016\/wp-content\/uploads\/2015\/07\/Captura-de-Tela-2016-03-11-a\u0300s-15.34.36.png\" alt=\"Captura de Tela 2016-03-11 a\u0300s 15.34.36\" width=\"1292\" height=\"228\" srcset=\"http:\/\/cdsid.org.br\/mc-summer-school2016\/wp-content\/uploads\/2015\/07\/Captura-de-Tela-2016-03-11-a\u0300s-15.34.36.png 1292w, http:\/\/cdsid.org.br\/mc-summer-school2016\/wp-content\/uploads\/2015\/07\/Captura-de-Tela-2016-03-11-a\u0300s-15.34.36-300x53.png 300w, http:\/\/cdsid.org.br\/mc-summer-school2016\/wp-content\/uploads\/2015\/07\/Captura-de-Tela-2016-03-11-a\u0300s-15.34.36-1024x181.png 1024w\" sizes=\"auto, (max-width: 1292px) 100vw, 1292px\" \/><\/a><\/p>\n<p>IMPORTANT INFORMATION<\/p>\n<p>\u2022 Check-In: 14h00 || Check-Out: 12h00;<\/p>\n<p>\u2022 Rates in Real (R$), per room;<\/p>\n<p>\u2022 Departure and arrival from Recife\u2019s International Airport;<\/p>\n<p>\u2022 Ground transportation included;<\/p>\n<p>\u2022 Room Detail: private bathroom, TV, air conditioning, voltage 220V, hot shower, minibar, box bed.<\/p>\n<p>\u2022 All visitors and tourists are obliged, by Law No. 10,403 \/ 89, to pay the fee of Environmental Protection charged by the State of Pernambuco (www.noronha.pe.gov.br) of approximately R$ 51.40 per person\/day. Additionally,\u00a0there is the entry of access to Marine National Park ( on average 70% of the Archipelago ). The fee is R$ 162.00 for foreigners, for up to 10 days of lodging.<\/p>\n<p>\u2022 Hotel Will be confirmed upon 24 hours before the travel. Guests can be accommodated in one of these hotels: Brisamar, Alvorada, Arquip\u00e9lagos, Carlinhos, Mano, Bita, Agulh\u00e3o, Leide, M\u00e9rcia, Corrente Maritima, pousada\u00a0do Del, Allefawi, Floresta e Mar, Ousadia, Morro do Pico (Mano2), Pousada Casa de Neide, Oceano Azul, Ilha e mar, Atalaia, Romildo, Lopes, Solar do trinta, Mar Azul, N\u00eaga, Netuno, Pedra do Mar, Lun Mar, Ocean Atl\u00e2ntica, Portal dos Golfinhos, S\u00e3o Silmares, etc.<\/p>\n<p><strong>Porto de Galinhas (July 15 to 18)<\/strong><\/p>\n<p><a href=\"http:\/\/cdsid.org.br\/mc-summer-school2016\/wp-content\/uploads\/2015\/07\/Captura-de-Tela-2016-03-11-a\u0300s-15.37.35.png\"><img loading=\"lazy\" decoding=\"async\" class=\"alignnone size-full wp-image-457\" src=\"http:\/\/cdsid.org.br\/mc-summer-school2016\/wp-content\/uploads\/2015\/07\/Captura-de-Tela-2016-03-11-a\u0300s-15.37.35.png\" alt=\"Captura de Tela 2016-03-11 a\u0300s 15.37.35\" width=\"1242\" height=\"268\" srcset=\"http:\/\/cdsid.org.br\/mc-summer-school2016\/wp-content\/uploads\/2015\/07\/Captura-de-Tela-2016-03-11-a\u0300s-15.37.35.png 1242w, http:\/\/cdsid.org.br\/mc-summer-school2016\/wp-content\/uploads\/2015\/07\/Captura-de-Tela-2016-03-11-a\u0300s-15.37.35-300x65.png 300w, http:\/\/cdsid.org.br\/mc-summer-school2016\/wp-content\/uploads\/2015\/07\/Captura-de-Tela-2016-03-11-a\u0300s-15.37.35-1024x221.png 1024w\" sizes=\"auto, (max-width: 1242px) 100vw, 1242px\" \/><\/a><\/p>\n<p>\u2022 IMPORTANT INFORMATION<\/p>\n<p>\u2022 Check-In: 14h00 || Check-Out: 12h00;<\/p>\n<p>\u2022 Rates in Real (R$), per room;<\/p>\n<p>\u2022 Ground transportation is optional per R$ 145,00 per person;<\/p>\n<p>\u2022 Check Terms of Service.<\/p>\n<p><strong>POS EVENT<\/strong><\/p>\n<p><strong>Fernando de Noronha (July 29 to August 1)<\/strong><\/p>\n<p><a href=\"http:\/\/cdsid.org.br\/mc-summer-school2016\/wp-content\/uploads\/2015\/07\/Captura-de-Tela-2016-03-11-a\u0300s-15.53.27.png\"><img loading=\"lazy\" decoding=\"async\" class=\"alignnone size-full wp-image-458\" src=\"http:\/\/cdsid.org.br\/mc-summer-school2016\/wp-content\/uploads\/2015\/07\/Captura-de-Tela-2016-03-11-a\u0300s-15.53.27.png\" alt=\"Captura de Tela 2016-03-11 a\u0300s 15.53.27\" width=\"1284\" height=\"172\" srcset=\"http:\/\/cdsid.org.br\/mc-summer-school2016\/wp-content\/uploads\/2015\/07\/Captura-de-Tela-2016-03-11-a\u0300s-15.53.27.png 1284w, http:\/\/cdsid.org.br\/mc-summer-school2016\/wp-content\/uploads\/2015\/07\/Captura-de-Tela-2016-03-11-a\u0300s-15.53.27-300x40.png 300w, http:\/\/cdsid.org.br\/mc-summer-school2016\/wp-content\/uploads\/2015\/07\/Captura-de-Tela-2016-03-11-a\u0300s-15.53.27-1024x137.png 1024w\" sizes=\"auto, (max-width: 1284px) 100vw, 1284px\" \/><\/a><\/p>\n<p>The hotels are\u00a0old homes of residents who were reformed and adapted over the years to receive guests who dream to know Fernando de Noronha Archipelago.<\/p>\n<p><a href=\"http:\/\/cdsid.org.br\/mc-summer-school2016\/wp-content\/uploads\/2015\/07\/Captura-de-Tela-2016-03-11-a\u0300s-15.53.41.png\"><img loading=\"lazy\" decoding=\"async\" class=\"alignnone size-full wp-image-459\" src=\"http:\/\/cdsid.org.br\/mc-summer-school2016\/wp-content\/uploads\/2015\/07\/Captura-de-Tela-2016-03-11-a\u0300s-15.53.41.png\" alt=\"Captura de Tela 2016-03-11 a\u0300s 15.53.41\" width=\"1292\" height=\"230\" srcset=\"http:\/\/cdsid.org.br\/mc-summer-school2016\/wp-content\/uploads\/2015\/07\/Captura-de-Tela-2016-03-11-a\u0300s-15.53.41.png 1292w, http:\/\/cdsid.org.br\/mc-summer-school2016\/wp-content\/uploads\/2015\/07\/Captura-de-Tela-2016-03-11-a\u0300s-15.53.41-300x53.png 300w, http:\/\/cdsid.org.br\/mc-summer-school2016\/wp-content\/uploads\/2015\/07\/Captura-de-Tela-2016-03-11-a\u0300s-15.53.41-1024x182.png 1024w\" sizes=\"auto, (max-width: 1292px) 100vw, 1292px\" \/><\/a><\/p>\n<p>\u2022 IMPORTANT INFORMATION<\/p>\n<p>\u2022 Check-In: 14h00 || Check-Out: 12h00;<\/p>\n<p>\u2022 Rates in Real (R$), per room;<\/p>\n<p>\u2022 Departure and arrival from Recife\u2019s International Airport;<\/p>\n<p>\u2022 Ground transportation included;<\/p>\n<p>\u2022 Room Detail: private bathroom, TV, air conditioning, voltage 220V, hot<\/p>\n<p>\u2022 All visitors and tourists are obliged, by Law No. 10,403 \/ 89, to pay the fee of Environmental Protection \u00a0charged by the State of Pernambuco (www.noronha.pe.gov.br) of approximately R$ 51.40 per person\/day. Additionally,\u00a0there is the entry of access to Marine National Park ( on average 70% of the Archipelago ). The fee is R$ 162.00 for foreigners, for up to 10 days of lodging.<\/p>\n<p>\u2022 Hotel Will be confirmed upon 24 hours before the travel. Guests can be accommodated in one of these hotels: Brisamar, Alvorada, Arquip\u00e9lagos, Carlinhos, Mano, Bita, Agulh\u00e3o, Leide, M\u00e9rcia, Corrente Maritima, Pousada\u00a0do Del, Allefawi, Floresta e Mar, Ousadia, Morro do Pico (Mano2), Pousada Casa de Neide, Oceano Azul, Ilha e mar, Atalaia, Romildo, Lopes, Solar do trinta, Mar Azul, N\u00eaga, Netuno, Pedra do Mar, Lun Mar, Ocean Atl\u00e2ntica, Portal dos Golfinhos, S\u00e3o Silmares, etc.<\/p>\n<p><strong>Porto de Galinhas (July 29 to August 1)<\/strong><\/p>\n<p><a href=\"http:\/\/cdsid.org.br\/mc-summer-school2016\/wp-content\/uploads\/2015\/07\/Captura-de-Tela-2016-03-11-a\u0300s-15.56.10.png\"><img loading=\"lazy\" decoding=\"async\" class=\"alignnone size-full wp-image-460\" src=\"http:\/\/cdsid.org.br\/mc-summer-school2016\/wp-content\/uploads\/2015\/07\/Captura-de-Tela-2016-03-11-a\u0300s-15.56.10.png\" alt=\"Captura de Tela 2016-03-11 a\u0300s 15.56.10\" width=\"1240\" height=\"264\" srcset=\"http:\/\/cdsid.org.br\/mc-summer-school2016\/wp-content\/uploads\/2015\/07\/Captura-de-Tela-2016-03-11-a\u0300s-15.56.10.png 1240w, http:\/\/cdsid.org.br\/mc-summer-school2016\/wp-content\/uploads\/2015\/07\/Captura-de-Tela-2016-03-11-a\u0300s-15.56.10-300x64.png 300w, http:\/\/cdsid.org.br\/mc-summer-school2016\/wp-content\/uploads\/2015\/07\/Captura-de-Tela-2016-03-11-a\u0300s-15.56.10-1024x218.png 1024w\" sizes=\"auto, (max-width: 1240px) 100vw, 1240px\" \/><\/a><\/p>\n<p>\u2022 IMPORTANT INFORMATION<\/p>\n<p>\u2022 Check-In: 14h00 || Check-Out: 12h00;<\/p>\n<p>\u2022 Rates in Real (R$), per room;<\/p>\n<p>\u2022 Ground transportation is optional per R$ 145,00 per person;<\/p>\n<p>\u2022 Check Terms of Service.<\/p>\n<p>*Nothing reserved, only quoted;<\/p>\n<p>*Prices subjects to change without notice;<\/p>\n<p>*Hotels subjects to availability;<\/p>\n<p>*Proposal subject to any changes without notice.<\/p>\n<p><strong>Management Sales: Kassiane Franceschi<\/strong><\/p>\n<p><strong>kassiane@luckviagens.com.br<\/strong><\/p>\n<p><strong>81 3366-6203<\/strong><\/p>\n<hr \/>\n","protected":false},"excerpt":{"rendered":"<p>Pre and Post Summer School\u00a0tours We have collected some examples of the wide range of tours and opportunities in the neighbor of Recife. Take a look! OPTIONAL TOUR &#8211; \u00a0CITY TOUR RECIFE\/OLINDA On this tour, you will have, at one time, the best of Recife and Olinda. First of all, there will be a panoramic [&hellip;]<\/p>\n","protected":false},"author":2,"featured_media":0,"parent":0,"menu_order":0,"comment_status":"closed","ping_status":"closed","template":"","meta":{"footnotes":""},"class_list":["post-163","page","type-page","status-publish","hentry"],"_links":{"self":[{"href":"http:\/\/cdsid.org.br\/mc-summer-school2016\/wp-json\/wp\/v2\/pages\/163","targetHints":{"allow":["GET"]}}],"collection":[{"href":"http:\/\/cdsid.org.br\/mc-summer-school2016\/wp-json\/wp\/v2\/pages"}],"about":[{"href":"http:\/\/cdsid.org.br\/mc-summer-school2016\/wp-json\/wp\/v2\/types\/page"}],"author":[{"embeddable":true,"href":"http:\/\/cdsid.org.br\/mc-summer-school2016\/wp-json\/wp\/v2\/users\/2"}],"replies":[{"embeddable":true,"href":"http:\/\/cdsid.org.br\/mc-summer-school2016\/wp-json\/wp\/v2\/comments?post=163"}],"version-history":[{"count":14,"href":"http:\/\/cdsid.org.br\/mc-summer-school2016\/wp-json\/wp\/v2\/pages\/163\/revisions"}],"predecessor-version":[{"id":482,"href":"http:\/\/cdsid.org.br\/mc-summer-school2016\/wp-json\/wp\/v2\/pages\/163\/revisions\/482"}],"wp:attachment":[{"href":"http:\/\/cdsid.org.br\/mc-summer-school2016\/wp-json\/wp\/v2\/media?parent=163"}],"curies":[{"name":"wp","href":"https:\/\/api.w.org\/{rel}","templated":true}]}}